{"id":1380,"date":"2023-09-12T12:40:39","date_gmt":"2023-09-12T12:40:39","guid":{"rendered":"https:\/\/web4.rkinformatika.net\/avpsicologia\/?page_id=1380"},"modified":"2024-07-11T12:39:43","modified_gmt":"2024-07-11T12:39:43","slug":"psicologia","status":"publish","type":"page","link":"https:\/\/avpsicologia.eus\/eus\/psicologia\/","title":{"rendered":"Psikologia"},"content":{"rendered":"<div data-elementor-type=\"wp-page\" data-elementor-id=\"1380\" class=\"elementor elementor-1380\" data-elementor-post-type=\"page\">\n\t\t\t\t\t\t<section class=\"elementor-section elementor-top-section elementor-element elementor-element-d6945a7 elementor-section-boxed elementor-section-height-default elementor-section-height-default\" data-id=\"d6945a7\" data-element_type=\"section\" data-e-type=\"section\" data-settings=\"{&quot;background_background&quot;:&quot;classic&quot;}\">\n\t\t\t\t\t\t\t<div class=\"elementor-background-overlay\"><\/div>\n\t\t\t\t\t\t\t<div class=\"elementor-container elementor-column-gap-default\">\n\t\t\t\t\t<div class=\"elementor-column elementor-col-100 elementor-top-column elementor-element elementor-element-8e127d0\" data-id=\"8e127d0\" data-element_type=\"column\" data-e-type=\"column\">\n\t\t\t<div class=\"elementor-widget-wrap\">\n\t\t\t\t\t\t\t<\/div>\n\t\t<\/div>\n\t\t\t\t\t<\/div>\n\t\t<\/section>\n\t\t\t\t<section class=\"elementor-section elementor-top-section elementor-element elementor-element-272ac7b elementor-section-boxed elementor-section-height-default elementor-section-height-default\" data-id=\"272ac7b\" data-element_type=\"section\" data-e-type=\"section\">\n\t\t\t\t\t\t<div class=\"elementor-container elementor-column-gap-default\">\n\t\t\t\t\t<div class=\"elementor-column elementor-col-100 elementor-top-column elementor-element elementor-element-31faa13\" data-id=\"31faa13\" data-element_type=\"column\" data-e-type=\"column\">\n\t\t\t<div class=\"elementor-widget-wrap elementor-element-populated\">\n\t\t\t\t\t\t<div class=\"elementor-element elementor-element-687ccf5 elementor-widget elementor-widget-heading\" data-id=\"687ccf5\" data-element_type=\"widget\" data-e-type=\"widget\" data-widget_type=\"heading.default\">\n\t\t\t\t<div class=\"elementor-widget-container\">\n\t\t\t\t\t<h1 class=\"elementor-heading-title elementor-size-default\">Psikologia<\/h1>\t\t\t\t<\/div>\n\t\t\t\t<\/div>\n\t\t\t\t\t<\/div>\n\t\t<\/div>\n\t\t\t\t\t<\/div>\n\t\t<\/section>\n\t\t\t\t<section class=\"elementor-section elementor-top-section elementor-element elementor-element-9a7a4bc elementor-section-boxed elementor-section-height-default elementor-section-height-default\" data-id=\"9a7a4bc\" data-element_type=\"section\" data-e-type=\"section\">\n\t\t\t\t\t\t<div class=\"elementor-container elementor-column-gap-default\">\n\t\t\t\t\t<div class=\"elementor-column elementor-col-100 elementor-top-column elementor-element elementor-element-8694a32\" data-id=\"8694a32\" data-element_type=\"column\" data-e-type=\"column\">\n\t\t\t<div class=\"elementor-widget-wrap elementor-element-populated\">\n\t\t\t\t\t\t<div class=\"elementor-element elementor-element-b0e6a8b elementor-widget elementor-widget-text-editor\" data-id=\"b0e6a8b\" data-element_type=\"widget\" data-e-type=\"widget\" data-widget_type=\"text-editor.default\">\n\t\t\t\t<div class=\"elementor-widget-container\">\n\t\t\t\t\t\t\t\t\t<p>Psikologia, nire burua behar bezala ulertzeko,  onartzeko eta garatzeko funtsezkoa da. Pertsona bakoitza bakarra eta errepikaezina dela uste dut, horregatik, elkarlanean aritzen naiz premia espezifikoetara egokitzen diren irtenbideak aurkitzeko.<\/p><p>Gure bizitzan eragina duten sistema konplexuen parte garela ulertuz, norbanakoak bere osotasunean onartzea ezinbestekoa dela uste dut.  Terapia Sistemikoa giltzarria da hurbilketa sakon eta eraginkor bat lortzeko, emozio- eta harreman-erronkei ikuspegi integral batetik helduz.<\/p><p>Familiak, bikoteak, lanak, lagunek\u2026, oro har, garatzen garen inguruak, eragina izan dezakete gure osasun mentalean. Horregatik, ikuspegi integral batetik lan eginez, pertsonen arteko harremanetan eta dinamiketan oinarritzen da terapia, ongizate psikologikoaren funtsezko faktorea baita. Dinamika horiek aztertu eta ulertzean, eredu disfuntzionalak argitu eta irtenbide eraginkorrak aurki ditzakegu.<\/p><p>Beraz, sintoma edo arazo indibidualei ez ezik, horiek gure inguruko harremanekin eta ingurunearekin nola lotuta dauden ere aztertzen da. Horrela, zure ongizatean eragina izan dezaketen dinamikak ikasteko eta eraldatzeko aukera izango duzu.<\/p>\t\t\t\t\t\t\t\t<\/div>\n\t\t\t\t<\/div>\n\t\t\t\t\t<\/div>\n\t\t<\/div>\n\t\t\t\t\t<\/div>\n\t\t<\/section>\n\t\t\t\t<section class=\"elementor-section elementor-top-section elementor-element elementor-element-b893aac elementor-section-boxed elementor-section-height-default elementor-section-height-default\" data-id=\"b893aac\" data-element_type=\"section\" data-e-type=\"section\">\n\t\t\t\t\t\t<div class=\"elementor-container elementor-column-gap-default\">\n\t\t\t\t\t<div class=\"elementor-column elementor-col-100 elementor-top-column elementor-element elementor-element-c640a0f\" data-id=\"c640a0f\" data-element_type=\"column\" data-e-type=\"column\">\n\t\t\t<div class=\"elementor-widget-wrap elementor-element-populated\">\n\t\t\t\t\t\t<div class=\"elementor-element elementor-element-85aa61d elementor-widget elementor-widget-heading\" data-id=\"85aa61d\" data-element_type=\"widget\" data-e-type=\"widget\" data-widget_type=\"heading.default\">\n\t\t\t\t<div class=\"elementor-widget-container\">\n\t\t\t\t\t<h2 class=\"elementor-heading-title elementor-size-default\">Zeintzuk dira onurak?<\/h2>\t\t\t\t<\/div>\n\t\t\t\t<\/div>\n\t\t\t\t\t<\/div>\n\t\t<\/div>\n\t\t\t\t\t<\/div>\n\t\t<\/section>\n\t\t\t\t<section class=\"elementor-section elementor-top-section elementor-element elementor-element-550f693 elementor-section-boxed elementor-section-height-default elementor-section-height-default\" data-id=\"550f693\" data-element_type=\"section\" data-e-type=\"section\">\n\t\t\t\t\t\t<div class=\"elementor-container elementor-column-gap-default\">\n\t\t\t\t\t<div class=\"elementor-column elementor-col-100 elementor-top-column elementor-element elementor-element-74c8cf0\" data-id=\"74c8cf0\" data-element_type=\"column\" data-e-type=\"column\">\n\t\t\t<div class=\"elementor-widget-wrap elementor-element-populated\">\n\t\t\t\t\t\t<div class=\"elementor-element elementor-element-1aff4aa elementor-widget elementor-widget-text-editor\" data-id=\"1aff4aa\" data-element_type=\"widget\" data-e-type=\"widget\" data-widget_type=\"text-editor.default\">\n\t\t\t\t<div class=\"elementor-widget-container\">\n\t\t\t\t\t\t\t\t\t<p><span style=\"text-decoration: underline;\"><strong>Harremanak hobetzen lagunduko dizu;<\/strong><\/span> Besteekiko harremanak hobetzeko modu eraginkorragoan eta afektiboagoan komunikatzen ikastea.<\/p><p><span style=\"text-decoration: underline;\"><strong>Gatazkak bide hobeagotik bideratzea;<\/strong><\/span> Gatazkak modu eraikitzailean identifikatzea eta lantzea.<\/p><p><span style=\"text-decoration: underline;\"><strong>Autoezagutza bultzatu;<\/strong><\/span> Pertsona bakoitzaren trebetasunetan eta aukeretan fokalizatzea, zeure burua hobeto ezagutzea funtsezko da.<\/p><p><span style=\"text-decoration: underline;\"><strong>Ongizate iraunkorragoa lortzea;<\/strong><\/span> Sintometan ez ezik, arazoen sustraiei heltzean, epe luzerako konponbideak lantzen dira.<\/p>\t\t\t\t\t\t\t\t<\/div>\n\t\t\t\t<\/div>\n\t\t\t\t\t<\/div>\n\t\t<\/div>\n\t\t\t\t\t<\/div>\n\t\t<\/section>\n\t\t\t\t<section class=\"elementor-section elementor-top-section elementor-element elementor-element-00d9bc4 elementor-section-boxed elementor-section-height-default elementor-section-height-default\" data-id=\"00d9bc4\" data-element_type=\"section\" data-e-type=\"section\">\n\t\t\t\t\t\t<div class=\"elementor-container elementor-column-gap-default\">\n\t\t\t\t\t<div class=\"elementor-column elementor-col-100 elementor-top-column elementor-element elementor-element-da83a27\" data-id=\"da83a27\" data-element_type=\"column\" data-e-type=\"column\">\n\t\t\t<div class=\"elementor-widget-wrap elementor-element-populated\">\n\t\t\t\t\t\t<div class=\"elementor-element elementor-element-03e2f69 elementor-widget elementor-widget-heading\" data-id=\"03e2f69\" data-element_type=\"widget\" data-e-type=\"widget\" data-widget_type=\"heading.default\">\n\t\t\t\t<div class=\"elementor-widget-container\">\n\t\t\t\t\t<h2 class=\"elementor-heading-title elementor-size-default\">Zer gai jorratzen dira?<\/h2>\t\t\t\t<\/div>\n\t\t\t\t<\/div>\n\t\t\t\t\t<\/div>\n\t\t<\/div>\n\t\t\t\t\t<\/div>\n\t\t<\/section>\n\t\t\t\t<section class=\"elementor-section elementor-top-section elementor-element elementor-element-d76c431 elementor-section-boxed elementor-section-height-default elementor-section-height-default\" data-id=\"d76c431\" data-element_type=\"section\" data-e-type=\"section\">\n\t\t\t\t\t\t<div class=\"elementor-container elementor-column-gap-default\">\n\t\t\t\t\t<div class=\"elementor-column elementor-col-100 elementor-top-column elementor-element elementor-element-76abe24\" data-id=\"76abe24\" data-element_type=\"column\" data-e-type=\"column\">\n\t\t\t<div class=\"elementor-widget-wrap elementor-element-populated\">\n\t\t\t\t\t\t<div class=\"elementor-element elementor-element-ed326eb elementor-widget elementor-widget-text-editor\" data-id=\"ed326eb\" data-element_type=\"widget\" data-e-type=\"widget\" data-widget_type=\"text-editor.default\">\n\t\t\t\t<div class=\"elementor-widget-container\">\n\t\t\t\t\t\t\t\t\t<ul><li>Emozioen kudeaketa<\/li><li>Antsietatea, estresa, fobiak eta maniak<\/li><li>Autoestima eta autoezagutza<\/li><li>Laneko arazoak<\/li><li>Depresioa<\/li><li>Erabakiak hartzeko zailtasuna<\/li><li>Dolu prozesuak<\/li><li>Pertsonen arteko harreman-arazoak<\/li><li>Crecimiento personal.<\/li><\/ul>\t\t\t\t\t\t\t\t<\/div>\n\t\t\t\t<\/div>\n\t\t\t\t\t<\/div>\n\t\t<\/div>\n\t\t\t\t\t<\/div>\n\t\t<\/section>\n\t\t\t\t<section class=\"elementor-section elementor-top-section elementor-element elementor-element-6951f5c elementor-section-boxed elementor-section-height-default elementor-section-height-default\" data-id=\"6951f5c\" data-element_type=\"section\" data-e-type=\"section\">\n\t\t\t\t\t\t<div class=\"elementor-container elementor-column-gap-default\">\n\t\t\t\t\t<div class=\"elementor-column elementor-col-100 elementor-top-column elementor-element elementor-element-8b870c3\" data-id=\"8b870c3\" data-element_type=\"column\" data-e-type=\"column\">\n\t\t\t<div class=\"elementor-widget-wrap elementor-element-populated\">\n\t\t\t\t\t\t<div class=\"elementor-element elementor-element-03df826 elementor-widget elementor-widget-text-editor\" data-id=\"03df826\" data-element_type=\"widget\" data-e-type=\"widget\" data-widget_type=\"text-editor.default\">\n\t\t\t\t<div class=\"elementor-widget-container\">\n\t\t\t\t\t\t\t\t\t<p>Terapia ingurune seguru eta konfidentzialean egiten da. Aurrez aurre edota online egin daiteke.<\/p>\t\t\t\t\t\t\t\t<\/div>\n\t\t\t\t<\/div>\n\t\t\t\t\t<\/div>\n\t\t<\/div>\n\t\t\t\t\t<\/div>\n\t\t<\/section>\n\t\t\t\t<section class=\"elementor-section elementor-top-section elementor-element elementor-element-48afa5b elementor-section-boxed elementor-section-height-default elementor-section-height-default\" data-id=\"48afa5b\" data-element_type=\"section\" data-e-type=\"section\">\n\t\t\t\t\t\t<div class=\"elementor-container elementor-column-gap-default\">\n\t\t\t\t\t<div class=\"elementor-column elementor-col-100 elementor-top-column elementor-element elementor-element-fb0587a\" data-id=\"fb0587a\" data-element_type=\"column\" data-e-type=\"column\">\n\t\t\t<div class=\"elementor-widget-wrap elementor-element-populated\">\n\t\t\t\t\t\t<div class=\"elementor-element elementor-element-3075068 elementor-align-center elementor-widget elementor-widget-button\" data-id=\"3075068\" data-element_type=\"widget\" data-e-type=\"widget\" data-widget_type=\"button.default\">\n\t\t\t\t<div class=\"elementor-widget-container\">\n\t\t\t\t\t\t\t\t\t<div class=\"elementor-button-wrapper\">\n\t\t\t\t\t<a class=\"elementor-button elementor-button-link elementor-size-sm\" href=\"https:\/\/avpsicologia.eus\/eus\/contacto\/\">\n\t\t\t\t\t\t<span class=\"elementor-button-content-wrapper\">\n\t\t\t\t\t\t\t\t\t<span class=\"elementor-button-text\">Hitzordua eskatu<\/span>\n\t\t\t\t\t<\/span>\n\t\t\t\t\t<\/a>\n\t\t\t\t<\/div>\n\t\t\t\t\t\t\t\t<\/div>\n\t\t\t\t<\/div>\n\t\t\t\t\t<\/div>\n\t\t<\/div>\n\t\t\t\t\t<\/div>\n\t\t<\/section>\n\t\t\t\t<\/div>","protected":false},"excerpt":{"rendered":"<p>Psicolog\u00eda La psicolog\u00eda es clave para comprendernos, aceptarnos y desarrollarnos de manera satisfactoria. Creo que cada persona es \u00fanica e irrepetible por ello trabajo de manera colaborativa para encontrar soluciones que se adapten a las necesidades espec\u00edficas. Creo que es importante considerar a la persona en su totalidad, comprendiendo que somos parte de sistemas complejos [&hellip;]<\/p>\n","protected":false},"author":1,"featured_media":373,"parent":0,"menu_order":0,"comment_status":"closed","ping_status":"closed","template":"elementor_canvas","meta":{"footnotes":""},"class_list":["post-1380","page","type-page","status-publish","has-post-thumbnail","hentry"],"yoast_head":"<!-- This site is optimized with the Yoast SEO plugin v27.5 - https:\/\/yoast.com\/product\/yoast-seo-wordpress\/ -->\n<title>Psicolog\u00eda - Ana Vall\u00e9s Psic\u00f3loga y Sex\u00f3loga en Bilbao<\/title>\n<meta name=\"description\" content=\"Trabajar la ansiedad, el estr\u00e9s, depresi\u00f3n, trastornos del estado del \u00e1nimo, fobias, comunicaci\u00f3n y habilidades sociales...\" \/>\n<meta name=\"robots\" content=\"index, follow, max-snippet:-1, max-image-preview:large, max-video-preview:-1\" \/>\n<link rel=\"canonical\" href=\"https:\/\/avpsicologia.eus\/eus\/psicologia\/\" \/>\n<meta property=\"og:locale\" content=\"en_US\" \/>\n<meta property=\"og:type\" content=\"article\" \/>\n<meta property=\"og:title\" content=\"Psicolog\u00eda - Ana Vall\u00e9s Psic\u00f3loga y Sex\u00f3loga en Bilbao\" \/>\n<meta property=\"og:description\" content=\"Trabajar la ansiedad, el estr\u00e9s, depresi\u00f3n, trastornos del estado del \u00e1nimo, fobias, comunicaci\u00f3n y habilidades sociales...\" \/>\n<meta property=\"og:url\" content=\"https:\/\/avpsicologia.eus\/eus\/psicologia\/\" \/>\n<meta property=\"og:site_name\" content=\"Ana Vall\u00e9s Psic\u00f3loga y Sex\u00f3loga en Bilbao\" \/>\n<meta property=\"article:modified_time\" content=\"2024-07-11T12:39:43+00:00\" \/>\n<meta property=\"og:image\" content=\"https:\/\/avpsicologia.eus\/wp-content\/uploads\/2023\/08\/Logo-04.png\" \/>\n\t<meta property=\"og:image:width\" content=\"1840\" \/>\n\t<meta property=\"og:image:height\" content=\"422\" \/>\n\t<meta property=\"og:image:type\" content=\"image\/png\" \/>\n<meta name=\"twitter:card\" content=\"summary_large_image\" \/>\n<meta name=\"twitter:label1\" content=\"Est. reading time\" \/>\n\t<meta name=\"twitter:data1\" content=\"2 minutua\" \/>\n<script type=\"application\/ld+json\" class=\"yoast-schema-graph\">{\"@context\":\"https:\\\/\\\/schema.org\",\"@graph\":[{\"@type\":\"WebPage\",\"@id\":\"https:\\\/\\\/avpsicologia.eus\\\/psicologia\\\/\",\"url\":\"https:\\\/\\\/avpsicologia.eus\\\/psicologia\\\/\",\"name\":\"Psicolog\u00eda - Ana Vall\u00e9s Psic\u00f3loga y Sex\u00f3loga en Bilbao\",\"isPartOf\":{\"@id\":\"https:\\\/\\\/avpsicologia.eus\\\/#website\"},\"primaryImageOfPage\":{\"@id\":\"https:\\\/\\\/avpsicologia.eus\\\/psicologia\\\/#primaryimage\"},\"image\":{\"@id\":\"https:\\\/\\\/avpsicologia.eus\\\/psicologia\\\/#primaryimage\"},\"thumbnailUrl\":\"https:\\\/\\\/avpsicologia.eus\\\/wp-content\\\/uploads\\\/2023\\\/08\\\/Logo-04.png\",\"datePublished\":\"2023-09-12T12:40:39+00:00\",\"dateModified\":\"2024-07-11T12:39:43+00:00\",\"description\":\"Trabajar la ansiedad, el estr\u00e9s, depresi\u00f3n, trastornos del estado del \u00e1nimo, fobias, comunicaci\u00f3n y habilidades sociales...\",\"breadcrumb\":{\"@id\":\"https:\\\/\\\/avpsicologia.eus\\\/psicologia\\\/#breadcrumb\"},\"inLanguage\":\"eu\",\"potentialAction\":[{\"@type\":\"ReadAction\",\"target\":[\"https:\\\/\\\/avpsicologia.eus\\\/psicologia\\\/\"]}]},{\"@type\":\"ImageObject\",\"inLanguage\":\"eu\",\"@id\":\"https:\\\/\\\/avpsicologia.eus\\\/psicologia\\\/#primaryimage\",\"url\":\"https:\\\/\\\/avpsicologia.eus\\\/wp-content\\\/uploads\\\/2023\\\/08\\\/Logo-04.png\",\"contentUrl\":\"https:\\\/\\\/avpsicologia.eus\\\/wp-content\\\/uploads\\\/2023\\\/08\\\/Logo-04.png\",\"width\":1840,\"height\":422},{\"@type\":\"BreadcrumbList\",\"@id\":\"https:\\\/\\\/avpsicologia.eus\\\/psicologia\\\/#breadcrumb\",\"itemListElement\":[{\"@type\":\"ListItem\",\"position\":1,\"name\":\"Portada\",\"item\":\"https:\\\/\\\/avpsicologia.eus\\\/\"},{\"@type\":\"ListItem\",\"position\":2,\"name\":\"Psicolog\u00eda\"}]},{\"@type\":\"WebSite\",\"@id\":\"https:\\\/\\\/avpsicologia.eus\\\/#website\",\"url\":\"https:\\\/\\\/avpsicologia.eus\\\/\",\"name\":\"Ana Vall\u00e9s Psic\u00f3loga y Sex\u00f3loga en Bilbao\",\"description\":\"Psic\u00f3loga y Sex\u00f3loga en Bilbao\",\"potentialAction\":[{\"@type\":\"SearchAction\",\"target\":{\"@type\":\"EntryPoint\",\"urlTemplate\":\"https:\\\/\\\/avpsicologia.eus\\\/?s={search_term_string}\"},\"query-input\":{\"@type\":\"PropertyValueSpecification\",\"valueRequired\":true,\"valueName\":\"search_term_string\"}}],\"inLanguage\":\"eu\"}]}<\/script>\n<!-- \/ Yoast SEO plugin. -->","yoast_head_json":{"title":"Psicolog\u00eda - Ana Vall\u00e9s Psic\u00f3loga y Sex\u00f3loga en Bilbao","description":"Trabajar la ansiedad, el estr\u00e9s, depresi\u00f3n, trastornos del estado del \u00e1nimo, fobias, comunicaci\u00f3n y habilidades sociales...","robots":{"index":"index","follow":"follow","max-snippet":"max-snippet:-1","max-image-preview":"max-image-preview:large","max-video-preview":"max-video-preview:-1"},"canonical":"https:\/\/avpsicologia.eus\/eus\/psicologia\/","og_locale":"en_US","og_type":"article","og_title":"Psicolog\u00eda - Ana Vall\u00e9s Psic\u00f3loga y Sex\u00f3loga en Bilbao","og_description":"Trabajar la ansiedad, el estr\u00e9s, depresi\u00f3n, trastornos del estado del \u00e1nimo, fobias, comunicaci\u00f3n y habilidades sociales...","og_url":"https:\/\/avpsicologia.eus\/eus\/psicologia\/","og_site_name":"Ana Vall\u00e9s Psic\u00f3loga y Sex\u00f3loga en Bilbao","article_modified_time":"2024-07-11T12:39:43+00:00","og_image":[{"width":1840,"height":422,"url":"https:\/\/avpsicologia.eus\/wp-content\/uploads\/2023\/08\/Logo-04.png","type":"image\/png"}],"twitter_card":"summary_large_image","twitter_misc":{"Est. reading time":"2 minutua"},"schema":{"@context":"https:\/\/schema.org","@graph":[{"@type":"WebPage","@id":"https:\/\/avpsicologia.eus\/psicologia\/","url":"https:\/\/avpsicologia.eus\/psicologia\/","name":"Psicolog\u00eda - Ana Vall\u00e9s Psic\u00f3loga y Sex\u00f3loga en Bilbao","isPartOf":{"@id":"https:\/\/avpsicologia.eus\/#website"},"primaryImageOfPage":{"@id":"https:\/\/avpsicologia.eus\/psicologia\/#primaryimage"},"image":{"@id":"https:\/\/avpsicologia.eus\/psicologia\/#primaryimage"},"thumbnailUrl":"https:\/\/avpsicologia.eus\/wp-content\/uploads\/2023\/08\/Logo-04.png","datePublished":"2023-09-12T12:40:39+00:00","dateModified":"2024-07-11T12:39:43+00:00","description":"Trabajar la ansiedad, el estr\u00e9s, depresi\u00f3n, trastornos del estado del \u00e1nimo, fobias, comunicaci\u00f3n y habilidades sociales...","breadcrumb":{"@id":"https:\/\/avpsicologia.eus\/psicologia\/#breadcrumb"},"inLanguage":"eu","potentialAction":[{"@type":"ReadAction","target":["https:\/\/avpsicologia.eus\/psicologia\/"]}]},{"@type":"ImageObject","inLanguage":"eu","@id":"https:\/\/avpsicologia.eus\/psicologia\/#primaryimage","url":"https:\/\/avpsicologia.eus\/wp-content\/uploads\/2023\/08\/Logo-04.png","contentUrl":"https:\/\/avpsicologia.eus\/wp-content\/uploads\/2023\/08\/Logo-04.png","width":1840,"height":422},{"@type":"BreadcrumbList","@id":"https:\/\/avpsicologia.eus\/psicologia\/#breadcrumb","itemListElement":[{"@type":"ListItem","position":1,"name":"Portada","item":"https:\/\/avpsicologia.eus\/"},{"@type":"ListItem","position":2,"name":"Psicolog\u00eda"}]},{"@type":"WebSite","@id":"https:\/\/avpsicologia.eus\/#website","url":"https:\/\/avpsicologia.eus\/","name":"Ana Vall\u00e9s Psic\u00f3loga y Sex\u00f3loga en Bilbao","description":"Psic\u00f3loga y Sex\u00f3loga en Bilbao","potentialAction":[{"@type":"SearchAction","target":{"@type":"EntryPoint","urlTemplate":"https:\/\/avpsicologia.eus\/?s={search_term_string}"},"query-input":{"@type":"PropertyValueSpecification","valueRequired":true,"valueName":"search_term_string"}}],"inLanguage":"eu"}]}},"_links":{"self":[{"href":"https:\/\/avpsicologia.eus\/eus\/wp-json\/wp\/v2\/pages\/1380","targetHints":{"allow":["GET"]}}],"collection":[{"href":"https:\/\/avpsicologia.eus\/eus\/wp-json\/wp\/v2\/pages"}],"about":[{"href":"https:\/\/avpsicologia.eus\/eus\/wp-json\/wp\/v2\/types\/page"}],"author":[{"embeddable":true,"href":"https:\/\/avpsicologia.eus\/eus\/wp-json\/wp\/v2\/users\/1"}],"replies":[{"embeddable":true,"href":"https:\/\/avpsicologia.eus\/eus\/wp-json\/wp\/v2\/comments?post=1380"}],"version-history":[{"count":43,"href":"https:\/\/avpsicologia.eus\/eus\/wp-json\/wp\/v2\/pages\/1380\/revisions"}],"predecessor-version":[{"id":1538,"href":"https:\/\/avpsicologia.eus\/eus\/wp-json\/wp\/v2\/pages\/1380\/revisions\/1538"}],"wp:featuredmedia":[{"embeddable":true,"href":"https:\/\/avpsicologia.eus\/eus\/wp-json\/wp\/v2\/media\/373"}],"wp:attachment":[{"href":"https:\/\/avpsicologia.eus\/eus\/wp-json\/wp\/v2\/media?parent=1380"}],"curies":[{"name":"wp","href":"https:\/\/api.w.org\/{rel}","templated":true}]}}